{"id":4585,"date":"2025-06-25T15:38:39","date_gmt":"2025-06-25T13:38:39","guid":{"rendered":"https:\/\/gymequilibre.fr\/club\/?post_type=event_listing&#038;p=4585"},"modified":"2025-06-25T15:39:11","modified_gmt":"2025-06-25T13:39:11","slug":"regionale-equipe-fed-b-%f0%9f%8e%96%ef%b8%8f","status":"publish","type":"event_listing","link":"https:\/\/gymequilibre.fr\/club\/\u00e9v\u00e8nement\/regionale-equipe-fed-b-%f0%9f%8e%96%ef%b8%8f\/","title":{"rendered":"R\u00e9gionale &#8211; Equipe Fed B \ud83c\udf96\ufe0f"},"content":{"rendered":"\n<figure class=\"wp-block-image size-full\"><img decoding=\"async\" loading=\"lazy\" width=\"599\" height=\"799\" src=\"https:\/\/gymequilibre.fr\/club\/wp-content\/uploads\/2025\/06\/509349330_1189750486284376_6106465122367270252_n.jpg\" alt=\"\" class=\"wp-image-4587\" srcset=\"https:\/\/gymequilibre.fr\/club\/wp-content\/uploads\/2025\/06\/509349330_1189750486284376_6106465122367270252_n.jpg 599w, https:\/\/gymequilibre.fr\/club\/wp-content\/uploads\/2025\/06\/509349330_1189750486284376_6106465122367270252_n-225x300.jpg 225w\" sizes=\"(max-width: 599px) 100vw, 599px\" \/><\/figure>\n\n\n\n<p><img decoding=\"async\" loading=\"lazy\" height=\"16\" width=\"16\" alt=\"\ud83c\udfc6\" src=\"https:\/\/static.xx.fbcdn.net\/images\/emoji.php\/v9\/tbe\/1\/16\/1f3c6.png\">R\u00c9SULTAT COMP\u00c9TITION<img decoding=\"async\" loading=\"lazy\" height=\"16\" width=\"16\" alt=\"\ud83c\udfc6\" src=\"https:\/\/static.xx.fbcdn.net\/images\/emoji.php\/v9\/tbe\/1\/16\/1f3c6.png\"><\/p>\n\n\n\n<p>Le week end du 14 et 15 juin se d\u00e9roulait la comp\u00e9tition en \u00e9quipe pour les f\u00e9d\u00e9rales B \u00e0 Montaigu.<\/p>\n\n\n\n<p><a><\/a><img decoding=\"async\" loading=\"lazy\" height=\"16\" width=\"16\" alt=\"\ud83d\udd39\" src=\"https:\/\/static.xx.fbcdn.net\/images\/emoji.php\/v9\/tf3\/1\/16\/1f539.png\">F\u00e9d\u00e9rale B 10 ans et plus<\/p>\n\n\n\n<p>Amandine, Zia, Manon, Louna, Lalie 5\/12<\/p>\n\n\n\n<p><img decoding=\"async\" loading=\"lazy\" height=\"16\" width=\"16\" alt=\"\ud83d\udd39\" src=\"https:\/\/static.xx.fbcdn.net\/images\/emoji.php\/v9\/tf3\/1\/16\/1f539.png\">F\u00e9d\u00e9rale B 10-11 ans<\/p>\n\n\n\n<p>Flavie, L\u00e9na, Ilyetta 11\/11<\/p>\n\n\n\n<p>F\u00e9licitations \u00e0 toutes les gyms qui participaient pour la premi\u00e8re fois \u00e0 une finale r\u00e9gionale. Un beau parcours prometteur pour la saison prochaine.<\/p>\n\n\n\n<p>Merci \u00e0 Emy et Laure pour le jugement et merci \u00e9galement \u00e0 Ana\u00eblle, Suzie et Laure pour le coaching.<\/p>\n","protected":false},"featured_media":4586,"template":"","meta":[],"event_listing_category":[103],"event_listing_type":[108],"_links":{"self":[{"href":"https:\/\/gymequilibre.fr\/club\/wp-json\/wp\/v2\/event_listing\/4585"}],"collection":[{"href":"https:\/\/gymequilibre.fr\/club\/wp-json\/wp\/v2\/event_listing"}],"about":[{"href":"https:\/\/gymequilibre.fr\/club\/wp-json\/wp\/v2\/types\/event_listing"}],"wp:featuredmedia":[{"embeddable":true,"href":"https:\/\/gymequilibre.fr\/club\/wp-json\/wp\/v2\/media\/4586"}],"wp:attachment":[{"href":"https:\/\/gymequilibre.fr\/club\/wp-json\/wp\/v2\/media?parent=4585"}],"wp:term":[{"taxonomy":"event_listing_category","embeddable":true,"href":"https:\/\/gymequilibre.fr\/club\/wp-json\/wp\/v2\/event_listing_category?post=4585"},{"taxonomy":"event_listing_type","embeddable":true,"href":"https:\/\/gymequilibre.fr\/club\/wp-json\/wp\/v2\/event_listing_type?post=4585"}],"curies":[{"name":"wp","href":"https:\/\/api.w.org\/{rel}","templated":true}]}}