{"id":4467,"date":"2025-04-09T15:30:52","date_gmt":"2025-04-09T13:30:52","guid":{"rendered":"https:\/\/gymequilibre.fr\/club\/?post_type=event_listing&#038;p=4467"},"modified":"2025-04-09T15:30:53","modified_gmt":"2025-04-09T13:30:53","slug":"departementale-equipe-fed-b-%f0%9f%8e%96%ef%b8%8f","status":"publish","type":"event_listing","link":"https:\/\/gymequilibre.fr\/club\/\u00e9v\u00e8nement\/departementale-equipe-fed-b-%f0%9f%8e%96%ef%b8%8f\/","title":{"rendered":"D\u00e9partementale &#8211; Equipe fed B \ud83c\udf96\ufe0f"},"content":{"rendered":"\n<figure class=\"wp-block-image size-large\"><img decoding=\"async\" loading=\"lazy\" width=\"768\" height=\"1024\" src=\"https:\/\/gymequilibre.fr\/club\/wp-content\/uploads\/2025\/04\/487167360_1131710325421726_743824826926807079_n-768x1024.jpg\" alt=\"\" class=\"wp-image-4469\" srcset=\"https:\/\/gymequilibre.fr\/club\/wp-content\/uploads\/2025\/04\/487167360_1131710325421726_743824826926807079_n-768x1024.jpg 768w, https:\/\/gymequilibre.fr\/club\/wp-content\/uploads\/2025\/04\/487167360_1131710325421726_743824826926807079_n-225x300.jpg 225w, https:\/\/gymequilibre.fr\/club\/wp-content\/uploads\/2025\/04\/487167360_1131710325421726_743824826926807079_n-1152x1536.jpg 1152w, https:\/\/gymequilibre.fr\/club\/wp-content\/uploads\/2025\/04\/487167360_1131710325421726_743824826926807079_n.jpg 1200w\" sizes=\"(max-width: 768px) 100vw, 768px\" \/><\/figure>\n\n\n\n<p><img decoding=\"async\" loading=\"lazy\" height=\"16\" width=\"16\" src=\"https:\/\/static.xx.fbcdn.net\/images\/emoji.php\/v9\/tbe\/1\/16\/1f3c6.png\" alt=\"\ud83c\udfc6\">R\u00c9SULTAT COMP\u00c9TITION<img decoding=\"async\" loading=\"lazy\" height=\"16\" width=\"16\" src=\"https:\/\/static.xx.fbcdn.net\/images\/emoji.php\/v9\/tbe\/1\/16\/1f3c6.png\" alt=\"\ud83c\udfc6\"><\/p>\n\n\n\n<p>Le week-end du 29 et 30 mars se d\u00e9roulait la comp\u00e9tition d\u00e9partementale par \u00e9quipe des f\u00e9d\u00e9rales B \u00e0 la Ch\u00e2taigneraie.<\/p>\n\n\n\n<p><a><\/a><img decoding=\"async\" loading=\"lazy\" height=\"16\" width=\"16\" alt=\"\ud83d\udd39\" src=\"https:\/\/static.xx.fbcdn.net\/images\/emoji.php\/v9\/tf3\/1\/16\/1f539.png\">F\u00e9d\u00e9rale B 10-11 ans<\/p>\n\n\n\n<p>Ilyetta, Ines, Flavie, Salom\u00e9, L\u00e9na <img decoding=\"async\" loading=\"lazy\" height=\"16\" width=\"16\" alt=\"\ud83e\udd49\" src=\"https:\/\/static.xx.fbcdn.net\/images\/emoji.php\/v9\/t96\/1\/16\/1f949.png\">\/10<\/p>\n\n\n\n<p>Elles se qualifient pour les r\u00e9gions \u00e0 Montaigu.<\/p>\n\n\n\n<p><img decoding=\"async\" loading=\"lazy\" height=\"16\" width=\"16\" alt=\"\ud83d\udd39\" src=\"https:\/\/static.xx.fbcdn.net\/images\/emoji.php\/v9\/tf3\/1\/16\/1f539.png\">F\u00e9d\u00e9rale B 10-13 ans<\/p>\n\n\n\n<p>Laly, Clara, Leana, Juliette, Adelyce 7\/9<\/p>\n\n\n\n<p><img decoding=\"async\" loading=\"lazy\" height=\"16\" width=\"16\" alt=\"\ud83d\udd39\" src=\"https:\/\/static.xx.fbcdn.net\/images\/emoji.php\/v9\/tf3\/1\/16\/1f539.png\">F\u00e9d\u00e9rale B 10 ans et plus<\/p>\n\n\n\n<p>Manon, Lalie, Louna, Amandine, Zia 5\/9<\/p>\n\n\n\n<p>Elles se qualifient pour les r\u00e9gions \u00e0 Montaigu.<\/p>\n\n\n\n<p>Bravo aux filles pour cette belle comp\u00e9tition. Merci \u00e0 Laure, Suzie et Ana\u00eblle pour le coaching. Merci \u00e9galement \u00e0 Marion et Lalie pour le jugement.<\/p>\n","protected":false},"featured_media":4470,"template":"","meta":[],"event_listing_category":[103],"event_listing_type":[108],"_links":{"self":[{"href":"https:\/\/gymequilibre.fr\/club\/wp-json\/wp\/v2\/event_listing\/4467"}],"collection":[{"href":"https:\/\/gymequilibre.fr\/club\/wp-json\/wp\/v2\/event_listing"}],"about":[{"href":"https:\/\/gymequilibre.fr\/club\/wp-json\/wp\/v2\/types\/event_listing"}],"wp:featuredmedia":[{"embeddable":true,"href":"https:\/\/gymequilibre.fr\/club\/wp-json\/wp\/v2\/media\/4470"}],"wp:attachment":[{"href":"https:\/\/gymequilibre.fr\/club\/wp-json\/wp\/v2\/media?parent=4467"}],"wp:term":[{"taxonomy":"event_listing_category","embeddable":true,"href":"https:\/\/gymequilibre.fr\/club\/wp-json\/wp\/v2\/event_listing_category?post=4467"},{"taxonomy":"event_listing_type","embeddable":true,"href":"https:\/\/gymequilibre.fr\/club\/wp-json\/wp\/v2\/event_listing_type?post=4467"}],"curies":[{"name":"wp","href":"https:\/\/api.w.org\/{rel}","templated":true}]}}